{"id":10784,"date":"2023-09-15T23:54:15","date_gmt":"2023-09-15T20:54:15","guid":{"rendered":"https:\/\/andzelakauniene.lt\/?post_type=product&#038;p=10784"},"modified":"2026-04-16T18:28:34","modified_gmt":"2026-04-16T15:28:34","slug":"baltas-senamiestis-r","status":"publish","type":"product","link":"https:\/\/andzelakauniene.lt\/en\/galerija\/baltas-senamiestis-r\/","title":{"rendered":"Baltas Senamiestis [R]"},"content":{"rendered":"<p class=\"p1\" style=\"text-align: center;\"><span class=\"s1\">\u201eBaltas senamiestis\u201c \u2013 tai ne tik pasakojimas apie miest\u0105, bet ir apie \u017emoni\u0173 ry\u0161ius, apie tas akimirkas, kai draugyst\u0117 ir \u0161iltas pokalbis tampa gyvenimo d\u017eiaugsmu. <\/span><\/p>\n<p class=\"p1\" style=\"text-align: center;\"><span class=\"s1\">&#8230; ta ypatinga, rami atmosfera, kai galime tiesiog b\u016bti kartu, dalindamiesi savo mintimis ir i\u0161gyvenimais, o aplinkinis pasaulis tampa tik subtiliu bendravimo fonu&#8230;<\/span><\/p>\n","protected":false},"excerpt":{"rendered":"<ul>\n<li>\u201eBaltas Senamiestis\u201d(orig. dydis 80cm x 100cm) autorinio paveikslo reprodukcija, tai i\u0161skirtin\u0117s kokyb\u0117s Gicl\u00e9e spaudiniai ant muziejin\u0117s kokyb\u0117s drob\u0117s, patapomos tikrais aliejiniais da\u017eais ir pasira\u0161omos para\u0161u. Paruo\u0161ta kabinimui ant sienos. Reprodukcij\u0173 drob\u0117s aptrauktos ant medinio por\u0117mio, \u0161onai tonuoti veidrodiniu b\u016bdu, tod\u0117l tinka kabinti ir be r\u0117melio, arba galime u\u017ed\u0117ti esant pageidavimui sutarus u\u017e papildom\u0105 mokest\u012f.<\/li>\n<li>Jeigu nor\u0117tum\u0117te \u0161iek tiek ma\u017eesn\u0117s ar didesn\u0117s reprodukcijos, arba jei b\u016bt\u0173 reikalingas paveikslo r\u0117minimas- para\u0161ykite man, kontaktuose u\u017epild\u0119 pateikt\u0105\u00a0 susisiekimo\u00a0 form\u0105<\/li>\n<li>U\u017esakydami reprodukcij\u0105 galite pasirinkti i\u0161 keli\u0173 standartini\u0173 dyd\u017ei\u0173 arba pasirinkti original\u0173 dyd\u012f.<\/li>\n<li>Kainos ir galimi dyd\u017eiai:<\/li>\n<li>55cm x 70cm\u2026155eu<\/li>\n<li>65cm x 80cm\u2026210eu<\/li>\n<li>75cm x 95cm\u2026260eu<\/li>\n<li>80cm x 100cm\u2026320eu<\/li>\n<li>90cm x 110cm\u2026360eu<\/li>\n<li>100cm x 125cm\u2026420eu<\/li>\n<li>\n<h3 dir=\"auto\"><img loading=\"lazy\" decoding=\"async\" class=\"jetpack-lazy-image jetpack-lazy-image--handled\" src=\"https:\/\/static.xx.fbcdn.net\/images\/emoji.php\/v9\/td1\/2\/16\/2757.png\" alt=\"\u2757\ufe0f\" width=\"16\" height=\"16\" data-lazy-loaded=\"1\" \/>Akcij\u0173 metu kain\u0105 su nuolaida pamatysite \u012fd\u0117jus prek\u0119 \u012f krep\u0161el\u012f\u00a0<img loading=\"lazy\" decoding=\"async\" class=\"jetpack-lazy-image jetpack-lazy-image--handled\" src=\"https:\/\/static.xx.fbcdn.net\/images\/emoji.php\/v9\/td1\/2\/16\/2757.png\" alt=\"\u2757\ufe0f\" width=\"16\" height=\"16\" data-lazy-loaded=\"1\" \/><\/h3>\n<\/li>\n<\/ul>\n","protected":false},"featured_media":10801,"template":"","meta":[],"product_brand":[],"product_cat":[338],"product_tag":[],"class_list":["post-10784","product","type-product","status-publish","has-post-thumbnail","product_cat-reproductions","first","instock","shipping-taxable","purchasable","product-type-variable"],"yoast_head":"<!-- This site is optimized with the Yoast SEO plugin v28.3 - https:\/\/yoast.com\/product\/yoast-seo-wordpress\/ -->\n<title>Baltas Senamiestis [R] - And\u017eela Kaunien\u0117<\/title>\n<meta name=\"robots\" content=\"index, follow, max-snippet:-1, max-image-preview:large, max-video-preview:-1\" \/>\n<link rel=\"canonical\" href=\"https:\/\/andzelakauniene.lt\/en\/galerija\/baltas-senamiestis-r\/\" \/>\n<meta property=\"og:locale\" content=\"en_US\" \/>\n<meta property=\"og:type\" content=\"article\" \/>\n<meta property=\"og:title\" content=\"Baltas Senamiestis [R] - And\u017eela Kaunien\u0117\" \/>\n<meta property=\"og:description\" content=\"\u201eBaltas Senamiestis\u201d(orig. dydis 80cm x 100cm) autorinio paveikslo reprodukcija, tai i\u0161skirtin\u0117s kokyb\u0117s Gicl\u00e9e spaudiniai ant muziejin\u0117s kokyb\u0117s drob\u0117s, patapomos tikrais aliejiniais da\u017eais ir pasira\u0161omos para\u0161u. Paruo\u0161ta kabinimui ant sienos. Reprodukcij\u0173 drob\u0117s aptrauktos ant medinio por\u0117mio, \u0161onai tonuoti veidrodiniu b\u016bdu, tod\u0117l tinka kabinti ir be r\u0117melio, arba galime u\u017ed\u0117ti esant pageidavimui sutarus u\u017e papildom\u0105 mokest\u012f.  Jeigu nor\u0117tum\u0117te \u0161iek tiek ma\u017eesn\u0117s ar didesn\u0117s reprodukcijos, arba jei b\u016bt\u0173 reikalingas paveikslo r\u0117minimas- para\u0161ykite man, kontaktuose u\u017epild\u0119 pateikt\u0105\u00a0 susisiekimo\u00a0 form\u0105  U\u017esakydami reprodukcij\u0105 galite pasirinkti i\u0161 keli\u0173 standartini\u0173 dyd\u017ei\u0173 arba pasirinkti original\u0173 dyd\u012f.  Kainos ir galimi dyd\u017eiai:  55cm x 70cm\u2026155eu  65cm x 80cm\u2026210eu  75cm x 95cm\u2026260eu  80cm x 100cm\u2026320eu  90cm x 110cm\u2026360eu  100cm x 125cm\u2026420eu   Akcij\u0173 metu kain\u0105 su nuolaida pamatysite \u012fd\u0117jus prek\u0119 \u012f krep\u0161el\u012f\u00a0\" \/>\n<meta property=\"og:url\" content=\"https:\/\/andzelakauniene.lt\/galerija\/baltas-senamiestis-r\/\" \/>\n<meta property=\"og:site_name\" content=\"And\u017eela Kaunien\u0117\" \/>\n<meta property=\"article:modified_time\" content=\"2026-04-16T15:28:34+00:00\" \/>\n<meta property=\"og:image\" content=\"https:\/\/andzelakauniene.lt\/wp-content\/uploads\/2023\/09\/IMG_8559-1.jpeg\" \/>\n\t<meta property=\"og:image:width\" content=\"1777\" \/>\n\t<meta property=\"og:image:height\" content=\"1430\" \/>\n\t<meta property=\"og:image:type\" content=\"image\/jpeg\" \/>\n<meta name=\"twitter:card\" content=\"summary_large_image\" \/>\n<meta name=\"twitter:label1\" content=\"Est. reading time\" \/>\n\t<meta name=\"twitter:data1\" content=\"1 minute\" \/>\n<script type=\"application\/ld+json\" class=\"yoast-schema-graph\">{\"@context\":\"https:\\\/\\\/schema.org\",\"@graph\":[{\"@type\":\"WebPage\",\"@id\":\"https:\\\/\\\/andzelakauniene.lt\\\/galerija\\\/baltas-senamiestis-r\\\/\",\"url\":\"https:\\\/\\\/andzelakauniene.lt\\\/galerija\\\/baltas-senamiestis-r\\\/\",\"name\":\"Baltas Senamiestis [R] - And\u017eela Kaunien\u0117\",\"isPartOf\":{\"@id\":\"https:\\\/\\\/andzelakauniene.lt\\\/#website\"},\"primaryImageOfPage\":{\"@id\":\"https:\\\/\\\/andzelakauniene.lt\\\/galerija\\\/baltas-senamiestis-r\\\/#primaryimage\"},\"image\":{\"@id\":\"https:\\\/\\\/andzelakauniene.lt\\\/galerija\\\/baltas-senamiestis-r\\\/#primaryimage\"},\"thumbnailUrl\":\"https:\\\/\\\/andzelakauniene.lt\\\/wp-content\\\/uploads\\\/2023\\\/09\\\/IMG_8559-1.jpeg\",\"datePublished\":\"2023-09-15T20:54:15+00:00\",\"dateModified\":\"2026-04-16T15:28:34+00:00\",\"breadcrumb\":{\"@id\":\"https:\\\/\\\/andzelakauniene.lt\\\/galerija\\\/baltas-senamiestis-r\\\/#breadcrumb\"},\"inLanguage\":\"en-US\",\"potentialAction\":[{\"@type\":\"ReadAction\",\"target\":[\"https:\\\/\\\/andzelakauniene.lt\\\/galerija\\\/baltas-senamiestis-r\\\/\"]}]},{\"@type\":\"ImageObject\",\"inLanguage\":\"en-US\",\"@id\":\"https:\\\/\\\/andzelakauniene.lt\\\/galerija\\\/baltas-senamiestis-r\\\/#primaryimage\",\"url\":\"https:\\\/\\\/andzelakauniene.lt\\\/wp-content\\\/uploads\\\/2023\\\/09\\\/IMG_8559-1.jpeg\",\"contentUrl\":\"https:\\\/\\\/andzelakauniene.lt\\\/wp-content\\\/uploads\\\/2023\\\/09\\\/IMG_8559-1.jpeg\",\"width\":1777,\"height\":1430},{\"@type\":\"BreadcrumbList\",\"@id\":\"https:\\\/\\\/andzelakauniene.lt\\\/galerija\\\/baltas-senamiestis-r\\\/#breadcrumb\",\"itemListElement\":[{\"@type\":\"ListItem\",\"position\":1,\"name\":\"Home\",\"item\":\"https:\\\/\\\/andzelakauniene.lt\\\/en\\\/\"},{\"@type\":\"ListItem\",\"position\":2,\"name\":\"Galerija\",\"item\":\"https:\\\/\\\/andzelakauniene.lt\\\/en\\\/galerija\\\/\"},{\"@type\":\"ListItem\",\"position\":3,\"name\":\"Baltas Senamiestis [R]\"}]},{\"@type\":\"WebSite\",\"@id\":\"https:\\\/\\\/andzelakauniene.lt\\\/#website\",\"url\":\"https:\\\/\\\/andzelakauniene.lt\\\/\",\"name\":\"And\u017eela Kaunien\u0117\",\"description\":\"A. Kauniene ART\",\"publisher\":{\"@id\":\"https:\\\/\\\/andzelakauniene.lt\\\/#\\\/schema\\\/person\\\/e0a5e18ac4f9e7e24c30703f49f1d953\"},\"potentialAction\":[{\"@type\":\"SearchAction\",\"target\":{\"@type\":\"EntryPoint\",\"urlTemplate\":\"https:\\\/\\\/andzelakauniene.lt\\\/?s={search_term_string}\"},\"query-input\":{\"@type\":\"PropertyValueSpecification\",\"valueRequired\":true,\"valueName\":\"search_term_string\"}}],\"inLanguage\":\"en-US\"},{\"@type\":[\"Person\",\"Organization\"],\"@id\":\"https:\\\/\\\/andzelakauniene.lt\\\/#\\\/schema\\\/person\\\/e0a5e18ac4f9e7e24c30703f49f1d953\",\"name\":\"And\u017eela Kaunien\u0117\",\"image\":{\"@type\":\"ImageObject\",\"inLanguage\":\"en-US\",\"@id\":\"https:\\\/\\\/andzelakauniene.lt\\\/wp-content\\\/uploads\\\/2019\\\/10\\\/Asset-1.png\",\"url\":\"https:\\\/\\\/andzelakauniene.lt\\\/wp-content\\\/uploads\\\/2019\\\/10\\\/Asset-1.png\",\"contentUrl\":\"https:\\\/\\\/andzelakauniene.lt\\\/wp-content\\\/uploads\\\/2019\\\/10\\\/Asset-1.png\",\"width\":230,\"height\":36,\"caption\":\"And\u017eela Kaunien\u0117\"},\"logo\":{\"@id\":\"https:\\\/\\\/andzelakauniene.lt\\\/wp-content\\\/uploads\\\/2019\\\/10\\\/Asset-1.png\"},\"sameAs\":[\"https:\\\/\\\/andzelakauniene.lt\"]}]}<\/script>\n<!-- \/ Yoast SEO plugin. -->","yoast_head_json":{"title":"Baltas Senamiestis [R] - And\u017eela Kaunien\u0117","robots":{"index":"index","follow":"follow","max-snippet":"max-snippet:-1","max-image-preview":"max-image-preview:large","max-video-preview":"max-video-preview:-1"},"canonical":"https:\/\/andzelakauniene.lt\/en\/galerija\/baltas-senamiestis-r\/","og_locale":"en_US","og_type":"article","og_title":"Baltas Senamiestis [R] - And\u017eela Kaunien\u0117","og_description":"\u201eBaltas Senamiestis\u201d(orig. dydis 80cm x 100cm) autorinio paveikslo reprodukcija, tai i\u0161skirtin\u0117s kokyb\u0117s Gicl\u00e9e spaudiniai ant muziejin\u0117s kokyb\u0117s drob\u0117s, patapomos tikrais aliejiniais da\u017eais ir pasira\u0161omos para\u0161u. Paruo\u0161ta kabinimui ant sienos. Reprodukcij\u0173 drob\u0117s aptrauktos ant medinio por\u0117mio, \u0161onai tonuoti veidrodiniu b\u016bdu, tod\u0117l tinka kabinti ir be r\u0117melio, arba galime u\u017ed\u0117ti esant pageidavimui sutarus u\u017e papildom\u0105 mokest\u012f.  Jeigu nor\u0117tum\u0117te \u0161iek tiek ma\u017eesn\u0117s ar didesn\u0117s reprodukcijos, arba jei b\u016bt\u0173 reikalingas paveikslo r\u0117minimas- para\u0161ykite man, kontaktuose u\u017epild\u0119 pateikt\u0105\u00a0 susisiekimo\u00a0 form\u0105  U\u017esakydami reprodukcij\u0105 galite pasirinkti i\u0161 keli\u0173 standartini\u0173 dyd\u017ei\u0173 arba pasirinkti original\u0173 dyd\u012f.  Kainos ir galimi dyd\u017eiai:  55cm x 70cm\u2026155eu  65cm x 80cm\u2026210eu  75cm x 95cm\u2026260eu  80cm x 100cm\u2026320eu  90cm x 110cm\u2026360eu  100cm x 125cm\u2026420eu   Akcij\u0173 metu kain\u0105 su nuolaida pamatysite \u012fd\u0117jus prek\u0119 \u012f krep\u0161el\u012f\u00a0","og_url":"https:\/\/andzelakauniene.lt\/galerija\/baltas-senamiestis-r\/","og_site_name":"And\u017eela Kaunien\u0117","article_modified_time":"2026-04-16T15:28:34+00:00","og_image":[{"width":1777,"height":1430,"url":"https:\/\/andzelakauniene.lt\/wp-content\/uploads\/2023\/09\/IMG_8559-1.jpeg","type":"image\/jpeg"}],"twitter_card":"summary_large_image","twitter_misc":{"Est. reading time":"1 minute"},"schema":{"@context":"https:\/\/schema.org","@graph":[{"@type":"WebPage","@id":"https:\/\/andzelakauniene.lt\/galerija\/baltas-senamiestis-r\/","url":"https:\/\/andzelakauniene.lt\/galerija\/baltas-senamiestis-r\/","name":"Baltas Senamiestis [R] - And\u017eela Kaunien\u0117","isPartOf":{"@id":"https:\/\/andzelakauniene.lt\/#website"},"primaryImageOfPage":{"@id":"https:\/\/andzelakauniene.lt\/galerija\/baltas-senamiestis-r\/#primaryimage"},"image":{"@id":"https:\/\/andzelakauniene.lt\/galerija\/baltas-senamiestis-r\/#primaryimage"},"thumbnailUrl":"https:\/\/andzelakauniene.lt\/wp-content\/uploads\/2023\/09\/IMG_8559-1.jpeg","datePublished":"2023-09-15T20:54:15+00:00","dateModified":"2026-04-16T15:28:34+00:00","breadcrumb":{"@id":"https:\/\/andzelakauniene.lt\/galerija\/baltas-senamiestis-r\/#breadcrumb"},"inLanguage":"en-US","potentialAction":[{"@type":"ReadAction","target":["https:\/\/andzelakauniene.lt\/galerija\/baltas-senamiestis-r\/"]}]},{"@type":"ImageObject","inLanguage":"en-US","@id":"https:\/\/andzelakauniene.lt\/galerija\/baltas-senamiestis-r\/#primaryimage","url":"https:\/\/andzelakauniene.lt\/wp-content\/uploads\/2023\/09\/IMG_8559-1.jpeg","contentUrl":"https:\/\/andzelakauniene.lt\/wp-content\/uploads\/2023\/09\/IMG_8559-1.jpeg","width":1777,"height":1430},{"@type":"BreadcrumbList","@id":"https:\/\/andzelakauniene.lt\/galerija\/baltas-senamiestis-r\/#breadcrumb","itemListElement":[{"@type":"ListItem","position":1,"name":"Home","item":"https:\/\/andzelakauniene.lt\/en\/"},{"@type":"ListItem","position":2,"name":"Galerija","item":"https:\/\/andzelakauniene.lt\/en\/galerija\/"},{"@type":"ListItem","position":3,"name":"Baltas Senamiestis [R]"}]},{"@type":"WebSite","@id":"https:\/\/andzelakauniene.lt\/#website","url":"https:\/\/andzelakauniene.lt\/","name":"And\u017eela Kaunien\u0117","description":"A. Kauniene ART","publisher":{"@id":"https:\/\/andzelakauniene.lt\/#\/schema\/person\/e0a5e18ac4f9e7e24c30703f49f1d953"},"potentialAction":[{"@type":"SearchAction","target":{"@type":"EntryPoint","urlTemplate":"https:\/\/andzelakauniene.lt\/?s={search_term_string}"},"query-input":{"@type":"PropertyValueSpecification","valueRequired":true,"valueName":"search_term_string"}}],"inLanguage":"en-US"},{"@type":["Person","Organization"],"@id":"https:\/\/andzelakauniene.lt\/#\/schema\/person\/e0a5e18ac4f9e7e24c30703f49f1d953","name":"And\u017eela Kaunien\u0117","image":{"@type":"ImageObject","inLanguage":"en-US","@id":"https:\/\/andzelakauniene.lt\/wp-content\/uploads\/2019\/10\/Asset-1.png","url":"https:\/\/andzelakauniene.lt\/wp-content\/uploads\/2019\/10\/Asset-1.png","contentUrl":"https:\/\/andzelakauniene.lt\/wp-content\/uploads\/2019\/10\/Asset-1.png","width":230,"height":36,"caption":"And\u017eela Kaunien\u0117"},"logo":{"@id":"https:\/\/andzelakauniene.lt\/wp-content\/uploads\/2019\/10\/Asset-1.png"},"sameAs":["https:\/\/andzelakauniene.lt"]}]}},"jetpack_sharing_enabled":true,"_links":{"self":[{"href":"https:\/\/andzelakauniene.lt\/en\/wp-json\/wp\/v2\/product\/10784","targetHints":{"allow":["GET"]}}],"collection":[{"href":"https:\/\/andzelakauniene.lt\/en\/wp-json\/wp\/v2\/product"}],"about":[{"href":"https:\/\/andzelakauniene.lt\/en\/wp-json\/wp\/v2\/types\/product"}],"wp:featuredmedia":[{"embeddable":true,"href":"https:\/\/andzelakauniene.lt\/en\/wp-json\/wp\/v2\/media\/10801"}],"wp:attachment":[{"href":"https:\/\/andzelakauniene.lt\/en\/wp-json\/wp\/v2\/media?parent=10784"}],"wp:term":[{"taxonomy":"product_brand","embeddable":true,"href":"https:\/\/andzelakauniene.lt\/en\/wp-json\/wp\/v2\/product_brand?post=10784"},{"taxonomy":"product_cat","embeddable":true,"href":"https:\/\/andzelakauniene.lt\/en\/wp-json\/wp\/v2\/product_cat?post=10784"},{"taxonomy":"product_tag","embeddable":true,"href":"https:\/\/andzelakauniene.lt\/en\/wp-json\/wp\/v2\/product_tag?post=10784"}],"curies":[{"name":"wp","href":"https:\/\/api.w.org\/{rel}","templated":true}]}}